{"id":942,"date":"2024-11-07T19:40:46","date_gmt":"2024-11-07T22:40:46","guid":{"rendered":"https:\/\/morettofogacaconsultoria.com.br\/?page_id=942"},"modified":"2026-03-24T16:07:07","modified_gmt":"2026-03-24T19:07:07","slug":"quem-somos","status":"publish","type":"page","link":"https:\/\/morettofogacaconsultoria.com.br\/index.php\/quem-somos\/","title":{"rendered":"Quem somos"},"content":{"rendered":"\n<div class=\"wp-block-uagb-container uagb-block-c93da6fa alignfull uagb-is-root-container\"><div class=\"uagb-container-inner-blocks-wrap\">\n<div class=\"wp-block-uagb-info-box uagb-block-afoqzs9w uagb-infobox__content-wrap  uagb-infobox-icon-above-title uagb-infobox-image-valign-top wp-block-uagb-info-box--has-margin\"><div class=\"uagb-infobox-margin-wrapper\"><div class=\"uagb-ifb-content\"><div class=\"uagb-ifb-title-wrap\"><h1 class=\"uagb-ifb-title\"><strong>Nossa empresa foi fundada em fevereiro de 2006, pelos s\u00f3cios Neri Moretto e Scheila Mara Foga\u00e7a Moretto. <\/strong><\/h1><\/div><\/div><\/div><\/div>\n\n\n\n<div class=\"wp-block-uagb-buttons uagb-buttons__outer-wrap uagb-btn__default-btn uagb-btn-tablet__default-btn uagb-btn-mobile__default-btn uagb-block-fboii0ig btn-quem-somos\"><div class=\"uagb-buttons__wrap uagb-buttons-layout-wrap \">\n<div class=\"wp-block-uagb-buttons-child uagb-buttons__outer-wrap uagb-block-iaopb2bu wp-block-button\"><div class=\"uagb-button__wrapper\"><a class=\"uagb-buttons-repeater wp-block-button__link\" aria-label=\"\" href=\"#conheca-nossos-profissionais\" rel=\"follow noopener\" target=\"_self\" role=\"button\"><div class=\"uagb-button__link\">Conhe\u00e7a nossos profissionais<\/div><\/a><\/div><\/div>\n\n\n\n<div class=\"wp-block-uagb-buttons-child uagb-buttons__outer-wrap uagb-block-j8seoabg wp-block-button btn-white\"><div class=\"uagb-button__wrapper\"><a class=\"uagb-buttons-repeater wp-block-button__link\" aria-label=\"\" href=\"#veja-nossa-trajetoria\" rel=\"follow noopener\" target=\"_self\" role=\"button\"><div class=\"uagb-button__link\">Veja nossa trajet\u00f3ria<\/div><\/a><\/div><\/div>\n<\/div><\/div>\n<\/div><\/div>\n\n\n\n<div class=\"wp-block-uagb-container uagb-block-wekv7arp alignfull uagb-is-root-container\"><div class=\"uagb-container-inner-blocks-wrap\">\n<div class=\"wp-block-uagb-image alignleft uagb-block-xkajgctx wp-block-uagb-image--layout-default wp-block-uagb-image--effect-static wp-block-uagb-image--align-left\"><figure class=\"wp-block-uagb-image__figure\"><img decoding=\"async\" srcset=\"https:\/\/morettofogacaconsultoria.com.br\/wp-content\/uploads\/2024\/11\/moretto-e-fogaca-foto-fundadores.jpg ,https:\/\/morettofogacaconsultoria.com.br\/wp-content\/uploads\/2024\/11\/moretto-e-fogaca-foto-fundadores.jpg 780w, https:\/\/morettofogacaconsultoria.com.br\/wp-content\/uploads\/2024\/11\/moretto-e-fogaca-foto-fundadores.jpg 360w\" sizes=\"auto, (max-width: 480px) 150px\" src=\"https:\/\/morettofogacaconsultoria.com.br\/wp-content\/uploads\/2024\/11\/moretto-e-fogaca-foto-fundadores.jpg\" alt=\"\" class=\"uag-image-943\" width=\"564\" height=\"564\" title=\"moretto-e-fogaca-foto-fundadores\" loading=\"lazy\" role=\"img\"\/><\/figure><\/div>\n\n\n\n<div class=\"wp-block-uagb-container uagb-block-ecb175ed\">\n<div class=\"wp-block-uagb-info-box uagb-block-0ecf2b8b uagb-infobox__content-wrap  uagb-infobox-icon-above-title uagb-infobox-image-valign-top wp-block-uagb-info-box--has-margin\"><div class=\"uagb-infobox-margin-wrapper\"><div class=\"uagb-ifb-content\"><div class=\"uagb-ifb-title-wrap\"><h3 class=\"uagb-ifb-title\">Conhe\u00e7a um pouco da nossa hist\u00f3ria<\/h3><\/div><p class=\"uagb-ifb-desc\">A Moretto &amp; Foga\u00e7a foi fundada em fevereiro de 2006, surgiu pela necessidade de prestarmos servi\u00e7os de avalia\u00e7\u00e3o psicol\u00f3gica e supervis\u00e3o no Servi\u00e7o de Acolhimento \u00e0 V\u00edtimas de Viol\u00eancia \u2013 SEMUSP \u2013 S\u00e3o Leopoldo.<br><br>Aos poucos fomos buscando outros clientes, hoje atuamos realizando avalia\u00e7\u00e3o psicol\u00f3gica para concursos p\u00fablicos, processos seletivos de empresas, avalia\u00e7\u00e3o para porte de arma, avalia\u00e7\u00e3o psicossocial, desenvolvimento de equipes, assessoria hospitalar, avalia\u00e7\u00e3o de desempenho, atendimento cl\u00ednico, acompanhamento jur\u00eddico e outros.<\/p><\/div><\/div><\/div>\n<\/div>\n<\/div><\/div>\n\n\n\n<p id=\"conheca-nossos-profissionais\"><\/p>\n\n\n\n<div class=\"wp-block-uagb-container uagb-block-4ab6e2d2 alignfull uagb-is-root-container\"><div class=\"uagb-container-inner-blocks-wrap\">\n<div class=\"wp-block-uagb-container uagb-block-fadfb8ee\">\n<div class=\"wp-block-uagb-info-box uagb-block-29ba90bf uagb-infobox__content-wrap  uagb-infobox-icon-above-title uagb-infobox-image-valign-top wp-block-uagb-info-box--has-margin\"><div class=\"uagb-infobox-margin-wrapper\"><div class=\"uagb-ifb-content\"><div class=\"uagb-ifb-title-wrap\"><h3 class=\"uagb-ifb-title\">Nossa Equipe<\/h3><\/div><p class=\"uagb-ifb-desc\">Conhe\u00e7a nossa equipe de profissionais qualificados e comprometidos em suas \u00e1reas de atua\u00e7\u00e3o:<br><br><mark style=\"background-color:rgba(0, 0, 0, 0)\" class=\"has-inline-color has-vivid-cyan-blue-color\">\u2022<\/mark> Psicologia;<br><mark style=\"background-color:rgba(0, 0, 0, 0)\" class=\"has-inline-color has-vivid-cyan-blue-color\">\u2022<\/mark> Servi\u00e7o social;<br><mark style=\"background-color:rgba(0, 0, 0, 0)\" class=\"has-inline-color has-vivid-cyan-blue-color\">\u2022<\/mark> Media\u00e7\u00e3o de conflitos;<br><mark style=\"background-color:rgba(0, 0, 0, 0)\" class=\"has-inline-color has-vivid-cyan-blue-color\">\u2022<\/mark> Administra\u00e7\u00e3o e acad\u00eamicos;<br><br>Todos alinhados ao DNA da Moretto &amp; Foga\u00e7a para fazer a diferen\u00e7a na vida de pessoas e institui\u00e7\u00f5es!<\/p><\/div><\/div><\/div>\n<\/div>\n\n\n\n<div class=\"wp-block-uagb-slider slider-quem-somos uagb-block-2b8dff98 uagb-slider-container\"><div class=\"uagb-slides uagb-swiper\"><div class=\"swiper-wrapper\">\n<div class=\"wp-block-uagb-slider-child uagb-slider-child-wrap swiper-slide uagb-block-988759bb\"><div class=\"swiper-content\">\n<div class=\"wp-block-uagb-info-box uagb-block-a1eb1bd8 uagb-infobox__content-wrap  uagb-infobox-icon-above-title uagb-infobox-image-valign-top\"><div class=\"uagb-ifb-content\"><div class=\"uagb-ifb-image-content\"><img decoding=\"async\" src=\"https:\/\/morettofogacaconsultoria.com.br\/wp-content\/uploads\/2024\/11\/equipe-moretto-fogaca-neri-moretto.png\" alt=\"\" width=\"\" height=\"0\" loading=\"lazy\"\/><\/div><div class=\"uagb-ifb-title-wrap\"><\/div><\/div><\/div>\n<\/div><\/div>\n\n\n\n<div class=\"wp-block-uagb-slider-child uagb-slider-child-wrap swiper-slide uagb-block-4e244e74\"><div class=\"swiper-content\">\n<div class=\"wp-block-uagb-info-box uagb-block-aa3416c9 uagb-infobox__content-wrap  uagb-infobox-icon-above-title uagb-infobox-image-valign-top\"><div class=\"uagb-ifb-content\"><div class=\"uagb-ifb-image-content\"><img decoding=\"async\" src=\"https:\/\/morettofogacaconsultoria.com.br\/wp-content\/uploads\/2024\/11\/equipe-moretto-fogaca-scheila-moretto.png\" alt=\"\" width=\"\" height=\"0\" loading=\"lazy\"\/><\/div><div class=\"uagb-ifb-title-wrap\"><\/div><\/div><\/div>\n<\/div><\/div>\n\n\n\n<div class=\"wp-block-uagb-slider-child uagb-slider-child-wrap swiper-slide uagb-block-d8968824\"><div class=\"swiper-content\">\n<div class=\"wp-block-uagb-info-box uagb-block-02d747c9 uagb-infobox__content-wrap  uagb-infobox-icon-above-title uagb-infobox-image-valign-top\"><div class=\"uagb-ifb-content\"><div class=\"uagb-ifb-image-content\"><img decoding=\"async\" src=\"https:\/\/morettofogacaconsultoria.com.br\/wp-content\/uploads\/2025\/09\/Equipe-Moretto-Fogaca-2.png\" alt=\"\" width=\"\" height=\"0\" loading=\"lazy\"\/><\/div><div class=\"uagb-ifb-title-wrap\"><\/div><\/div><\/div>\n<\/div><\/div>\n\n\n\n<div class=\"wp-block-uagb-slider-child uagb-slider-child-wrap swiper-slide uagb-block-5cf40b1e\"><div class=\"swiper-content\">\n<div class=\"wp-block-uagb-info-box uagb-block-4399a813 uagb-infobox__content-wrap  uagb-infobox-icon-above-title uagb-infobox-image-valign-top\"><div class=\"uagb-ifb-content\"><div class=\"uagb-ifb-image-content\"><img decoding=\"async\" src=\"https:\/\/morettofogacaconsultoria.com.br\/wp-content\/uploads\/2024\/11\/equipe-moretto-fogaca-lucas-hlavac.png\" alt=\"\" width=\"\" height=\"0\" loading=\"lazy\"\/><\/div><div class=\"uagb-ifb-title-wrap\"><\/div><\/div><\/div>\n<\/div><\/div>\n\n\n\n<div class=\"wp-block-uagb-slider-child uagb-slider-child-wrap swiper-slide uagb-block-83e92b7f\"><div class=\"swiper-content\">\n<div class=\"wp-block-uagb-info-box uagb-block-19635259 uagb-infobox__content-wrap  uagb-infobox-icon-above-title uagb-infobox-image-valign-top\"><div class=\"uagb-ifb-content\"><div class=\"uagb-ifb-image-content\"><img decoding=\"async\" src=\"https:\/\/morettofogacaconsultoria.com.br\/wp-content\/uploads\/2024\/11\/equipe-moretto-fogaca-edneia-oliveira.png\" alt=\"\" width=\"\" height=\"0\" loading=\"lazy\"\/><\/div><div class=\"uagb-ifb-title-wrap\"><\/div><\/div><\/div>\n<\/div><\/div>\n\n\n\n<div class=\"wp-block-uagb-slider-child uagb-slider-child-wrap swiper-slide uagb-block-afc55f33\"><div class=\"swiper-content\">\n<div class=\"wp-block-uagb-info-box uagb-block-d4be8a2e uagb-infobox__content-wrap  uagb-infobox-icon-above-title uagb-infobox-image-valign-top\"><div class=\"uagb-ifb-content\"><div class=\"uagb-ifb-image-content\"><img decoding=\"async\" src=\"https:\/\/morettofogacaconsultoria.com.br\/wp-content\/uploads\/2024\/11\/equipe-moretto-fogaca-patricia-mendel.png\" alt=\"\" width=\"\" height=\"0\" loading=\"lazy\"\/><\/div><div class=\"uagb-ifb-title-wrap\"><\/div><\/div><\/div>\n<\/div><\/div>\n\n\n\n<div class=\"wp-block-uagb-slider-child uagb-slider-child-wrap swiper-slide uagb-block-834c35a3\"><div class=\"swiper-content\">\n<div class=\"wp-block-uagb-info-box uagb-block-78db59df uagb-infobox__content-wrap  uagb-infobox-icon-above-title uagb-infobox-image-valign-top\"><div class=\"uagb-ifb-content\"><div class=\"uagb-ifb-image-content\"><img decoding=\"async\" src=\"https:\/\/morettofogacaconsultoria.com.br\/wp-content\/uploads\/2025\/03\/WhatsApp-Image-2025-03-24-at-14.04.03.jpeg\" alt=\"\" width=\"\" height=\"0\" loading=\"lazy\"\/><\/div><div class=\"uagb-ifb-title-wrap\"><\/div><\/div><\/div>\n<\/div><\/div>\n\n\n\n<div class=\"wp-block-uagb-slider-child uagb-slider-child-wrap swiper-slide uagb-block-debdfd6d\"><div class=\"swiper-content\">\n<div class=\"wp-block-uagb-info-box uagb-block-a94f8ec8 uagb-infobox__content-wrap  uagb-infobox-icon-above-title uagb-infobox-image-valign-top\"><div class=\"uagb-ifb-content\"><div class=\"uagb-ifb-image-content\"><img decoding=\"async\" src=\"https:\/\/morettofogacaconsultoria.com.br\/wp-content\/uploads\/2025\/09\/Equipe-Moretto-Fogaca-1.png\" alt=\"\" width=\"\" height=\"0\" loading=\"lazy\"\/><\/div><div class=\"uagb-ifb-title-wrap\"><\/div><\/div><\/div>\n<\/div><\/div>\n\n\n\n<div class=\"wp-block-uagb-slider-child uagb-slider-child-wrap swiper-slide uagb-block-b0e813a8\"><div class=\"swiper-content\">\n<div class=\"wp-block-uagb-info-box uagb-block-a9798327 uagb-infobox__content-wrap  uagb-infobox-icon-above-title uagb-infobox-image-valign-top\"><div class=\"uagb-ifb-content\"><div class=\"uagb-ifb-image-content\"><img decoding=\"async\" src=\"https:\/\/morettofogacaconsultoria.com.br\/wp-content\/uploads\/2024\/11\/equipe-moretto-fogaca-jaira-garske.png\" alt=\"\" width=\"\" height=\"0\" loading=\"lazy\"\/><\/div><div class=\"uagb-ifb-title-wrap\"><\/div><\/div><\/div>\n<\/div><\/div>\n\n\n\n<div class=\"wp-block-uagb-slider-child uagb-slider-child-wrap swiper-slide uagb-block-3929929a\"><div class=\"swiper-content\">\n<div class=\"wp-block-uagb-info-box uagb-block-76e5848a uagb-infobox__content-wrap  uagb-infobox-icon-above-title uagb-infobox-image-valign-top\"><div class=\"uagb-ifb-content\"><div class=\"uagb-ifb-image-content\"><img decoding=\"async\" src=\"https:\/\/morettofogacaconsultoria.com.br\/wp-content\/uploads\/2024\/11\/equipe-moretto-fogaca-camila-souza.png\" alt=\"\" width=\"\" height=\"0\" loading=\"lazy\"\/><\/div><div class=\"uagb-ifb-title-wrap\"><\/div><\/div><\/div>\n<\/div><\/div>\n\n\n\n<div class=\"wp-block-uagb-slider-child uagb-slider-child-wrap swiper-slide uagb-block-24d11d22\"><div class=\"swiper-content\">\n<div class=\"wp-block-uagb-info-box uagb-block-0943e3e3 uagb-infobox__content-wrap  uagb-infobox-icon-above-title uagb-infobox-image-valign-top\"><div class=\"uagb-ifb-content\"><div class=\"uagb-ifb-image-content\"><img decoding=\"async\" src=\"https:\/\/morettofogacaconsultoria.com.br\/wp-content\/uploads\/2024\/11\/equipe-moretto-fogaca-denise-conceicao.png\" alt=\"\" width=\"\" height=\"0\" loading=\"lazy\"\/><\/div><div class=\"uagb-ifb-title-wrap\"><\/div><\/div><\/div>\n<\/div><\/div>\n\n\n\n<div class=\"wp-block-uagb-slider-child uagb-slider-child-wrap swiper-slide uagb-block-1147053b\"><div class=\"swiper-content\">\n<div class=\"wp-block-uagb-info-box uagb-block-f6b14e90 uagb-infobox__content-wrap  uagb-infobox-icon-above-title uagb-infobox-image-valign-top\"><div class=\"uagb-ifb-content\"><div class=\"uagb-ifb-image-content\"><img decoding=\"async\" src=\"https:\/\/morettofogacaconsultoria.com.br\/wp-content\/uploads\/2024\/11\/equipe-moretto-fogaca-eliana-scherner.png\" alt=\"\" width=\"\" height=\"0\" loading=\"lazy\"\/><\/div><div class=\"uagb-ifb-title-wrap\"><\/div><\/div><\/div>\n<\/div><\/div>\n\n\n\n<div class=\"wp-block-uagb-slider-child uagb-slider-child-wrap swiper-slide uagb-block-39fa3c33\"><div class=\"swiper-content\">\n<div class=\"wp-block-uagb-info-box uagb-block-ab25ef46 uagb-infobox__content-wrap  uagb-infobox-icon-above-title uagb-infobox-image-valign-top\"><div class=\"uagb-ifb-content\"><div class=\"uagb-ifb-image-content\"><img decoding=\"async\" src=\"https:\/\/morettofogacaconsultoria.com.br\/wp-content\/uploads\/2024\/11\/equipe-moretto-fogaca-karine-ely.png\" alt=\"\" width=\"\" height=\"0\" loading=\"lazy\"\/><\/div><div class=\"uagb-ifb-title-wrap\"><\/div><\/div><\/div>\n<\/div><\/div>\n\n\n\n<div class=\"wp-block-uagb-slider-child uagb-slider-child-wrap swiper-slide uagb-block-f51f492a\"><div class=\"swiper-content\">\n<div class=\"wp-block-uagb-info-box uagb-block-320f293d uagb-infobox__content-wrap  uagb-infobox-icon-above-title uagb-infobox-image-valign-top\"><div class=\"uagb-ifb-content\"><div class=\"uagb-ifb-image-content\"><img decoding=\"async\" src=\"https:\/\/morettofogacaconsultoria.com.br\/wp-content\/uploads\/2025\/03\/WhatsApp-Image-2025-03-24-at-14.04.37.jpeg\" alt=\"\" width=\"\" height=\"0\" loading=\"lazy\"\/><\/div><div class=\"uagb-ifb-title-wrap\"><\/div><\/div><\/div>\n<\/div><\/div>\n\n\n\n<div class=\"wp-block-uagb-slider-child uagb-slider-child-wrap swiper-slide uagb-block-6600cffc\"><div class=\"swiper-content\">\n<div class=\"wp-block-uagb-info-box uagb-block-fc3e5826 uagb-infobox__content-wrap  uagb-infobox-icon-above-title uagb-infobox-image-valign-top\"><div class=\"uagb-ifb-content\"><div class=\"uagb-ifb-image-content\"><img decoding=\"async\" src=\"https:\/\/morettofogacaconsultoria.com.br\/wp-content\/uploads\/2025\/09\/Equipe-Moretto-Fogaca-.png\" alt=\"\" width=\"\" height=\"0\" loading=\"lazy\"\/><\/div><div class=\"uagb-ifb-title-wrap\"><\/div><\/div><\/div>\n<\/div><\/div>\n<\/div><\/div><div class=\"swiper-pagination\"><\/div><\/div>\n<\/div><\/div>\n\n\n\n<p id=\"veja-nossa-trajetoria\"><\/p>\n\n\n\n<div class=\"wp-block-uagb-info-box uagb-block-hfvg2bml uagb-infobox__content-wrap  uagb-infobox-icon-above-title uagb-infobox-image-valign-top wp-block-uagb-info-box--has-margin\"><div class=\"uagb-infobox-margin-wrapper\"><div class=\"uagb-ifb-content\"><div class=\"uagb-ifb-title-wrap\"><p class=\"uagb-ifb-title-prefix\">Conhe\u00e7a<\/p><h2 class=\"uagb-ifb-title\">Nossa Hist\u00f3ria<\/h2><\/div><p class=\"uagb-ifb-desc\">A Moretto &amp;amp; Foga\u00e7a foi fundada em Fevereiro de 2006, fruto da parceria entre os s\u00f3cios Neri Moretto e Scheila Mara Foga\u00e7a Moretto. J\u00e1 s\u00e3o mais de 18 anos de hist\u00f3ria e aqui voc\u00ea vai conhecer um pouco da nossa jornada!<\/p><\/div><\/div><\/div>\n\n\n\n<div class=\"wp-block-uagb-content-timeline uagb-timeline__outer-wrap uagb-block-d0119531 uagb-timeline__content-wrap uagb-timeline__center-block  uagb-timeline__arrow-top uagb-timeline\" id=\"timeline\">\n<article class=\"wp-block-uagb-content-timeline-child uagb-timeline__field uagb-timeline-child-b84352fb uagb-timeline__right\"><div class=\"uagb-timeline__marker out-view-uagb-timeline__icon\"><svg xmlns=\"https:\/\/www.w3.org\/2000\/svg\" viewBox=\"0 0 448 512\"><path d=\"M160 32V64H288V32C288 14.33 302.3 0 320 0C337.7 0 352 14.33 352 32V64H400C426.5 64 448 85.49 448 112V160H0V112C0 85.49 21.49 64 48 64H96V32C96 14.33 110.3 0 128 0C145.7 0 160 14.33 160 32zM0 192H448V464C448 490.5 426.5 512 400 512H48C21.49 512 0 490.5 0 464V192zM328.1 304.1C338.3 295.6 338.3 280.4 328.1 271C319.6 261.7 304.4 261.7 295 271L200 366.1L152.1 319C143.6 309.7 128.4 309.7 119 319C109.7 328.4 109.7 343.6 119 352.1L183 416.1C192.4 426.3 207.6 426.3 216.1 416.1L328.1 304.1z\"><\/path><\/svg><\/div><div class=\"uagb-timeline__day-new uagb-timeline__day-right uagb-timeline__events-inner-new\"><div class=\"uagb-timeline__events-inner--content\"><h3 class=\"uagb-timeline__heading\"><strong>2006<br><\/strong><br><mark style=\"background-color:#aab4c7\" class=\"has-inline-color\">FUNDA\u00c7\u00c3O DA EMPRESA E 1\u00ba TRABALHO<\/mark><\/h3><p class=\"uagb-timeline-desc-content\"> Servi\u00e7o de acolhimento \u00e0 v\u00edtimas de viol\u00eancia que ocorria dentro das delegacias de pol\u00edcia do munic\u00edpio de S\u00e3o Leopoldo. Implanta\u00e7\u00e3o e supervis\u00e3o do servi\u00e7o.<\/p><div class=\"uagb-timeline__arrow\"><\/div><\/div><\/div><div class=\"uagb-timeline__date-new\"><\/div><\/article>\n\n\n\n<article class=\"wp-block-uagb-content-timeline-child uagb-timeline__field uagb-timeline-child-7206a4f7 uagb-timeline__left\"><div class=\"uagb-timeline__marker out-view-uagb-timeline__icon\"><svg xmlns=\"https:\/\/www.w3.org\/2000\/svg\" viewBox=\"0 0 448 512\"><path d=\"M160 32V64H288V32C288 14.33 302.3 0 320 0C337.7 0 352 14.33 352 32V64H400C426.5 64 448 85.49 448 112V160H0V112C0 85.49 21.49 64 48 64H96V32C96 14.33 110.3 0 128 0C145.7 0 160 14.33 160 32zM0 192H448V464C448 490.5 426.5 512 400 512H48C21.49 512 0 490.5 0 464V192zM328.1 304.1C338.3 295.6 338.3 280.4 328.1 271C319.6 261.7 304.4 261.7 295 271L200 366.1L152.1 319C143.6 309.7 128.4 309.7 119 319C109.7 328.4 109.7 343.6 119 352.1L183 416.1C192.4 426.3 207.6 426.3 216.1 416.1L328.1 304.1z\"><\/path><\/svg><\/div><div class=\"uagb-timeline__day-new uagb-timeline__day-left uagb-timeline__events-inner-new\"><div class=\"uagb-timeline__events-inner--content\"><h3 class=\"uagb-timeline__heading\"><strong>2007<\/strong><\/h3><p class=\"uagb-timeline-desc-content\">Atendimento \u00e0 Leopoldense, avalia\u00e7\u00e3o psicol\u00f3gica<\/p><div class=\"uagb-timeline__arrow\"><\/div><\/div><\/div><div class=\"uagb-timeline__date-new\"><\/div><\/article>\n\n\n\n<article class=\"wp-block-uagb-content-timeline-child uagb-timeline__field uagb-timeline-child-4636c0d7 uagb-timeline__right\"><div class=\"uagb-timeline__marker out-view-uagb-timeline__icon\"><svg xmlns=\"https:\/\/www.w3.org\/2000\/svg\" viewBox=\"0 0 448 512\"><path d=\"M160 32V64H288V32C288 14.33 302.3 0 320 0C337.7 0 352 14.33 352 32V64H400C426.5 64 448 85.49 448 112V160H0V112C0 85.49 21.49 64 48 64H96V32C96 14.33 110.3 0 128 0C145.7 0 160 14.33 160 32zM0 192H448V464C448 490.5 426.5 512 400 512H48C21.49 512 0 490.5 0 464V192zM328.1 304.1C338.3 295.6 338.3 280.4 328.1 271C319.6 261.7 304.4 261.7 295 271L200 366.1L152.1 319C143.6 309.7 128.4 309.7 119 319C109.7 328.4 109.7 343.6 119 352.1L183 416.1C192.4 426.3 207.6 426.3 216.1 416.1L328.1 304.1z\"><\/path><\/svg><\/div><div class=\"uagb-timeline__day-new uagb-timeline__day-right uagb-timeline__events-inner-new\"><div class=\"uagb-timeline__events-inner--content\"><h3 class=\"uagb-timeline__heading\"><strong>2010<\/strong><\/h3><p class=\"uagb-timeline-desc-content\"><strong>Projeto nas Escolas sobre Depend\u00eancia Qu\u00edmica<\/strong>.<br>Inicio <strong>licita\u00e7\u00f5es FIERGS<\/strong>: avalia\u00e7\u00e3o psicol\u00f3gica e entrevista de desligamento.<br>Avalia\u00e7\u00f5es Psicossociais dos operadores das <strong>Usinas Hidrel\u00e9tricas da CEEE<\/strong>,<br>Avalia\u00e7\u00e3o Psicol\u00f3gica para concurso na <strong>Prefeitura de Novo Hamburgo<\/strong>,<br>Avalia\u00e7\u00e3o Psicol\u00f3gica para <strong>Guarda Municipal de Caxias do Sul<\/strong>.<\/p><div class=\"uagb-timeline__arrow\"><\/div><\/div><\/div><div class=\"uagb-timeline__date-new\"><\/div><\/article>\n\n\n\n<article class=\"wp-block-uagb-content-timeline-child uagb-timeline__field uagb-timeline-child-caed3af9 uagb-timeline__left\"><div class=\"uagb-timeline__marker out-view-uagb-timeline__icon\"><svg xmlns=\"https:\/\/www.w3.org\/2000\/svg\" viewBox=\"0 0 448 512\"><path d=\"M160 32V64H288V32C288 14.33 302.3 0 320 0C337.7 0 352 14.33 352 32V64H400C426.5 64 448 85.49 448 112V160H0V112C0 85.49 21.49 64 48 64H96V32C96 14.33 110.3 0 128 0C145.7 0 160 14.33 160 32zM0 192H448V464C448 490.5 426.5 512 400 512H48C21.49 512 0 490.5 0 464V192zM328.1 304.1C338.3 295.6 338.3 280.4 328.1 271C319.6 261.7 304.4 261.7 295 271L200 366.1L152.1 319C143.6 309.7 128.4 309.7 119 319C109.7 328.4 109.7 343.6 119 352.1L183 416.1C192.4 426.3 207.6 426.3 216.1 416.1L328.1 304.1z\"><\/path><\/svg><\/div><div class=\"uagb-timeline__day-new uagb-timeline__day-left uagb-timeline__events-inner-new\"><div class=\"uagb-timeline__events-inner--content\"><h3 class=\"uagb-timeline__heading\"><strong>2011<\/strong><\/h3><p class=\"uagb-timeline-desc-content\">Avalia\u00e7\u00e3o Psicol\u00f3gica <strong>Guarda Municipal de Porto Alegre<\/strong><br>Avalia\u00e7\u00e3o Psicol\u00f3gica para o concurso do <strong>Hospital S\u00e3o Camilo<\/strong>.<br><strong>Inaugura\u00e7\u00e3o Sede POA<\/strong>.<br>FIERGS: Atividades de Din\u00e2micas de Grupo para sele\u00e7\u00e3o de pessoal.<\/p><div class=\"uagb-timeline__arrow\"><\/div><\/div><\/div><div class=\"uagb-timeline__date-new\"><\/div><\/article>\n\n\n\n<article class=\"wp-block-uagb-content-timeline-child uagb-timeline__field uagb-timeline-child-1b425fe6 uagb-timeline__right\"><div class=\"uagb-timeline__marker out-view-uagb-timeline__icon\"><svg xmlns=\"https:\/\/www.w3.org\/2000\/svg\" viewBox=\"0 0 448 512\"><path d=\"M160 32V64H288V32C288 14.33 302.3 0 320 0C337.7 0 352 14.33 352 32V64H400C426.5 64 448 85.49 448 112V160H0V112C0 85.49 21.49 64 48 64H96V32C96 14.33 110.3 0 128 0C145.7 0 160 14.33 160 32zM0 192H448V464C448 490.5 426.5 512 400 512H48C21.49 512 0 490.5 0 464V192zM328.1 304.1C338.3 295.6 338.3 280.4 328.1 271C319.6 261.7 304.4 261.7 295 271L200 366.1L152.1 319C143.6 309.7 128.4 309.7 119 319C109.7 328.4 109.7 343.6 119 352.1L183 416.1C192.4 426.3 207.6 426.3 216.1 416.1L328.1 304.1z\"><\/path><\/svg><\/div><div class=\"uagb-timeline__day-new uagb-timeline__day-right uagb-timeline__events-inner-new\"><div class=\"uagb-timeline__events-inner--content\"><h3 class=\"uagb-timeline__heading\"><strong>2012<\/strong><\/h3><p class=\"uagb-timeline-desc-content\">Avalia\u00e7\u00e3o Psicol\u00f3gica <strong>Guarda Municipal de Est\u00e2ncia Velha<\/strong>.<br>Curso de <strong>Capacita\u00e7\u00e3o Profissional ofertado pelo Pronasci<\/strong>, onde desenvolvemos a sele\u00e7\u00e3o e acompanhamento dos alunos, em parceria com o Senai e Semusp SL.<br>Avalia\u00e7\u00e3o Psicossocial dos <strong>operadores das subesta\u00e7\u00f5es da CEEE<\/strong>.<br>Avalia\u00e7\u00e3o Psicol\u00f3gica dos <strong>conselheiros tutelares de Gramado<\/strong>.<\/p><div class=\"uagb-timeline__arrow\"><\/div><\/div><\/div><div class=\"uagb-timeline__date-new\"><\/div><\/article>\n\n\n\n<article class=\"wp-block-uagb-content-timeline-child uagb-timeline__field uagb-timeline-child-c178cb0e uagb-timeline__left\"><div class=\"uagb-timeline__marker out-view-uagb-timeline__icon\"><svg xmlns=\"https:\/\/www.w3.org\/2000\/svg\" viewBox=\"0 0 448 512\"><path d=\"M160 32V64H288V32C288 14.33 302.3 0 320 0C337.7 0 352 14.33 352 32V64H400C426.5 64 448 85.49 448 112V160H0V112C0 85.49 21.49 64 48 64H96V32C96 14.33 110.3 0 128 0C145.7 0 160 14.33 160 32zM0 192H448V464C448 490.5 426.5 512 400 512H48C21.49 512 0 490.5 0 464V192zM328.1 304.1C338.3 295.6 338.3 280.4 328.1 271C319.6 261.7 304.4 261.7 295 271L200 366.1L152.1 319C143.6 309.7 128.4 309.7 119 319C109.7 328.4 109.7 343.6 119 352.1L183 416.1C192.4 426.3 207.6 426.3 216.1 416.1L328.1 304.1z\"><\/path><\/svg><\/div><div class=\"uagb-timeline__day-new uagb-timeline__day-left uagb-timeline__events-inner-new\"><div class=\"uagb-timeline__events-inner--content\"><h3 class=\"uagb-timeline__heading\"><strong>2013<\/strong><\/h3><p class=\"uagb-timeline-desc-content\">Avalia\u00e7\u00e3o Psicol\u00f3gica<strong> Concurso para \u00e1rea t\u00e9cnica da CEEE<\/strong>.<br>Avalia\u00e7\u00e3o Psicol\u00f3gica e Desenvolvimento de Equipe <strong>Empresa Spheric<\/strong><\/p><div class=\"uagb-timeline__arrow\"><\/div><\/div><\/div><div class=\"uagb-timeline__date-new\"><\/div><\/article>\n\n\n\n<article class=\"wp-block-uagb-content-timeline-child uagb-timeline__field uagb-timeline-child-812b95fd uagb-timeline__right\"><div class=\"uagb-timeline__marker out-view-uagb-timeline__icon\"><svg xmlns=\"https:\/\/www.w3.org\/2000\/svg\" viewBox=\"0 0 448 512\"><path d=\"M160 32V64H288V32C288 14.33 302.3 0 320 0C337.7 0 352 14.33 352 32V64H400C426.5 64 448 85.49 448 112V160H0V112C0 85.49 21.49 64 48 64H96V32C96 14.33 110.3 0 128 0C145.7 0 160 14.33 160 32zM0 192H448V464C448 490.5 426.5 512 400 512H48C21.49 512 0 490.5 0 464V192zM328.1 304.1C338.3 295.6 338.3 280.4 328.1 271C319.6 261.7 304.4 261.7 295 271L200 366.1L152.1 319C143.6 309.7 128.4 309.7 119 319C109.7 328.4 109.7 343.6 119 352.1L183 416.1C192.4 426.3 207.6 426.3 216.1 416.1L328.1 304.1z\"><\/path><\/svg><\/div><div class=\"uagb-timeline__day-new uagb-timeline__day-right uagb-timeline__events-inner-new\"><div class=\"uagb-timeline__events-inner--content\"><h3 class=\"uagb-timeline__heading\"><strong>2014<\/strong><\/h3><p class=\"uagb-timeline-desc-content\">In\u00edcio Cursos realizados na sede em Porto Alegre.<br>Avalia\u00e7\u00e3o dos <strong>Brigadistas de Inc\u00eandio do UNILASALLE<\/strong>.<br>Acompanhamento dos alunos que participaram das <strong>Olimp\u00edadas do Conhecimento SENAI \u2013 BH<\/strong><\/p><div class=\"uagb-timeline__arrow\"><\/div><\/div><\/div><div class=\"uagb-timeline__date-new\"><\/div><\/article>\n\n\n\n<article class=\"wp-block-uagb-content-timeline-child uagb-timeline__field uagb-timeline-child-676c2d8c uagb-timeline__left\"><div class=\"uagb-timeline__marker out-view-uagb-timeline__icon\"><svg xmlns=\"https:\/\/www.w3.org\/2000\/svg\" viewBox=\"0 0 448 512\"><path d=\"M160 32V64H288V32C288 14.33 302.3 0 320 0C337.7 0 352 14.33 352 32V64H400C426.5 64 448 85.49 448 112V160H0V112C0 85.49 21.49 64 48 64H96V32C96 14.33 110.3 0 128 0C145.7 0 160 14.33 160 32zM0 192H448V464C448 490.5 426.5 512 400 512H48C21.49 512 0 490.5 0 464V192zM328.1 304.1C338.3 295.6 338.3 280.4 328.1 271C319.6 261.7 304.4 261.7 295 271L200 366.1L152.1 319C143.6 309.7 128.4 309.7 119 319C109.7 328.4 109.7 343.6 119 352.1L183 416.1C192.4 426.3 207.6 426.3 216.1 416.1L328.1 304.1z\"><\/path><\/svg><\/div><div class=\"uagb-timeline__day-new uagb-timeline__day-left uagb-timeline__events-inner-new\"><div class=\"uagb-timeline__events-inner--content\"><h3 class=\"uagb-timeline__heading\"><strong>2015<\/strong><\/h3><p class=\"uagb-timeline-desc-content\"><strong>Inaugura\u00e7\u00e3o da nova sede em S\u00e3o Leopoldo<\/strong>.<br>In\u00edcio de cursos realizados na sede de S\u00e3o Leopoldo.<br>Agregamos o <strong>conceito de Coworking<\/strong> ao portf\u00f3lio de servi\u00e7os ofertados pela empresa.<br>Desenvolvimento de equipe no Cart\u00f3rio de Arroio do Sal.<br>Participa\u00e7\u00e3o no Congresso de Avalia\u00e7\u00e3o Psicol\u00f3gica com <strong>apresenta\u00e7\u00e3o de trabalhos realizados pela empresa em S\u00e3o Paulo<\/strong>, pelo Instituto Brasileiro de Avalia\u00e7\u00e3o Psicol\u00f3gica<\/p><div class=\"uagb-timeline__arrow\"><\/div><\/div><\/div><div class=\"uagb-timeline__date-new\"><\/div><\/article>\n\n\n\n<article class=\"wp-block-uagb-content-timeline-child uagb-timeline__field uagb-timeline-child-bf076834 uagb-timeline__right\"><div class=\"uagb-timeline__marker out-view-uagb-timeline__icon\"><svg xmlns=\"https:\/\/www.w3.org\/2000\/svg\" viewBox=\"0 0 448 512\"><path d=\"M160 32V64H288V32C288 14.33 302.3 0 320 0C337.7 0 352 14.33 352 32V64H400C426.5 64 448 85.49 448 112V160H0V112C0 85.49 21.49 64 48 64H96V32C96 14.33 110.3 0 128 0C145.7 0 160 14.33 160 32zM0 192H448V464C448 490.5 426.5 512 400 512H48C21.49 512 0 490.5 0 464V192zM328.1 304.1C338.3 295.6 338.3 280.4 328.1 271C319.6 261.7 304.4 261.7 295 271L200 366.1L152.1 319C143.6 309.7 128.4 309.7 119 319C109.7 328.4 109.7 343.6 119 352.1L183 416.1C192.4 426.3 207.6 426.3 216.1 416.1L328.1 304.1z\"><\/path><\/svg><\/div><div class=\"uagb-timeline__day-new uagb-timeline__day-right uagb-timeline__events-inner-new\"><div class=\"uagb-timeline__events-inner--content\"><h3 class=\"uagb-timeline__heading\"><strong>2016<\/strong><\/h3><p class=\"uagb-timeline-desc-content\">Avalia\u00e7\u00e3o Psicol\u00f3gica de <strong>Agentes de Seguran\u00e7a do Grupo Especial de Seguran\u00e7a do Tribunal Regional Federal da 4\u00aa regi\u00e3o<\/strong><br>. Avalia\u00e7\u00e3o Psicossocial para <strong>Construtora Guimar\u00e3es<\/strong>.<br>Processos Seletivos para <strong>Zardo<\/strong>.<br>Atendimento cl\u00ednico aos funcion\u00e1rios da <strong>CORSAN<\/strong>.<\/p><div class=\"uagb-timeline__arrow\"><\/div><\/div><\/div><div class=\"uagb-timeline__date-new\"><\/div><\/article>\n\n\n\n<article class=\"wp-block-uagb-content-timeline-child uagb-timeline__field uagb-timeline-child-b3059d71 uagb-timeline__left\"><div class=\"uagb-timeline__marker out-view-uagb-timeline__icon\"><svg xmlns=\"https:\/\/www.w3.org\/2000\/svg\" viewBox=\"0 0 448 512\"><path d=\"M160 32V64H288V32C288 14.33 302.3 0 320 0C337.7 0 352 14.33 352 32V64H400C426.5 64 448 85.49 448 112V160H0V112C0 85.49 21.49 64 48 64H96V32C96 14.33 110.3 0 128 0C145.7 0 160 14.33 160 32zM0 192H448V464C448 490.5 426.5 512 400 512H48C21.49 512 0 490.5 0 464V192zM328.1 304.1C338.3 295.6 338.3 280.4 328.1 271C319.6 261.7 304.4 261.7 295 271L200 366.1L152.1 319C143.6 309.7 128.4 309.7 119 319C109.7 328.4 109.7 343.6 119 352.1L183 416.1C192.4 426.3 207.6 426.3 216.1 416.1L328.1 304.1z\"><\/path><\/svg><\/div><div class=\"uagb-timeline__day-new uagb-timeline__day-left uagb-timeline__events-inner-new\"><div class=\"uagb-timeline__events-inner--content\"><h3 class=\"uagb-timeline__heading\"><strong>2017<\/strong><\/h3><p class=\"uagb-timeline-desc-content\">Avalia\u00e7\u00e3o Psicol\u00f3gica para <strong>Concurso Prefeitura<\/strong> <strong>Municipal de Canoas<\/strong>.<br>Avalia\u00e7\u00e3o Psicol\u00f3gica dos<strong> Ju\u00edzes Federais do Tribunal Regional Federal da 4\u00aa Regi\u00e3o<\/strong>, realizada em Curitiba e Porto Alegre.<\/p><div class=\"uagb-timeline__arrow\"><\/div><\/div><\/div><div class=\"uagb-timeline__date-new\"><\/div><\/article>\n\n\n\n<article class=\"wp-block-uagb-content-timeline-child uagb-timeline__field uagb-timeline-child-a5e27cfd uagb-timeline__right\"><div class=\"uagb-timeline__marker out-view-uagb-timeline__icon\"><svg xmlns=\"https:\/\/www.w3.org\/2000\/svg\" viewBox=\"0 0 448 512\"><path d=\"M160 32V64H288V32C288 14.33 302.3 0 320 0C337.7 0 352 14.33 352 32V64H400C426.5 64 448 85.49 448 112V160H0V112C0 85.49 21.49 64 48 64H96V32C96 14.33 110.3 0 128 0C145.7 0 160 14.33 160 32zM0 192H448V464C448 490.5 426.5 512 400 512H48C21.49 512 0 490.5 0 464V192zM328.1 304.1C338.3 295.6 338.3 280.4 328.1 271C319.6 261.7 304.4 261.7 295 271L200 366.1L152.1 319C143.6 309.7 128.4 309.7 119 319C109.7 328.4 109.7 343.6 119 352.1L183 416.1C192.4 426.3 207.6 426.3 216.1 416.1L328.1 304.1z\"><\/path><\/svg><\/div><div class=\"uagb-timeline__day-new uagb-timeline__day-right uagb-timeline__events-inner-new\"><div class=\"uagb-timeline__events-inner--content\"><h3 class=\"uagb-timeline__heading\"><strong>2018<\/strong><\/h3><p class=\"uagb-timeline-desc-content\">Cursos em parceria com a<strong> UNOESC de Joa\u00e7aba<\/strong>.<br>Avalia\u00e7\u00e3o Psicol\u00f3gica para <strong>Guarda Municipal de Gravata\u00ed<\/strong>.<br>Avalia\u00e7\u00e3o Psicol\u00f3gica para processo seletivo da comiss\u00e3o permanente da <strong>Gest\u00e3o da Qualidade da Prefeitura Municipal de Gramado<\/strong>.<br>Processo seletivo de PCDs para <strong>Toniolo Busnello<\/strong>.<br>Desenvolvimento de Equipe para Zardo.<\/p><div class=\"uagb-timeline__arrow\"><\/div><\/div><\/div><div class=\"uagb-timeline__date-new\"><\/div><\/article>\n\n\n\n<article class=\"wp-block-uagb-content-timeline-child uagb-timeline__field uagb-timeline-child-cf922071 uagb-timeline__left\"><div class=\"uagb-timeline__marker out-view-uagb-timeline__icon\"><svg xmlns=\"https:\/\/www.w3.org\/2000\/svg\" viewBox=\"0 0 448 512\"><path d=\"M160 32V64H288V32C288 14.33 302.3 0 320 0C337.7 0 352 14.33 352 32V64H400C426.5 64 448 85.49 448 112V160H0V112C0 85.49 21.49 64 48 64H96V32C96 14.33 110.3 0 128 0C145.7 0 160 14.33 160 32zM0 192H448V464C448 490.5 426.5 512 400 512H48C21.49 512 0 490.5 0 464V192zM328.1 304.1C338.3 295.6 338.3 280.4 328.1 271C319.6 261.7 304.4 261.7 295 271L200 366.1L152.1 319C143.6 309.7 128.4 309.7 119 319C109.7 328.4 109.7 343.6 119 352.1L183 416.1C192.4 426.3 207.6 426.3 216.1 416.1L328.1 304.1z\"><\/path><\/svg><\/div><div class=\"uagb-timeline__day-new uagb-timeline__day-left uagb-timeline__events-inner-new\"><div class=\"uagb-timeline__events-inner--content\"><h3 class=\"uagb-timeline__heading\"><strong>2019<\/strong><\/h3><p class=\"uagb-timeline-desc-content\">Avalia\u00e7\u00e3o Psicol\u00f3gica Concurso para \u00e1rea de sa\u00fade da <strong>CEEE<\/strong>.<br>Avalia\u00e7\u00e3o Psicol\u00f3gica para o <strong>vitaliciamento dos defensores p\u00fablicos do estado do Rio Grande do Sul<\/strong>.<br>Atendimento de Psicologia Cl\u00ednica junto ao <strong>IPASEM-NH<\/strong>.<\/p><div class=\"uagb-timeline__arrow\"><\/div><\/div><\/div><div class=\"uagb-timeline__date-new\"><\/div><\/article>\n\n\n\n<article class=\"wp-block-uagb-content-timeline-child uagb-timeline__field uagb-timeline-child-8983c8c7 uagb-timeline__right\"><div class=\"uagb-timeline__marker out-view-uagb-timeline__icon\"><svg xmlns=\"https:\/\/www.w3.org\/2000\/svg\" viewBox=\"0 0 448 512\"><path d=\"M160 32V64H288V32C288 14.33 302.3 0 320 0C337.7 0 352 14.33 352 32V64H400C426.5 64 448 85.49 448 112V160H0V112C0 85.49 21.49 64 48 64H96V32C96 14.33 110.3 0 128 0C145.7 0 160 14.33 160 32zM0 192H448V464C448 490.5 426.5 512 400 512H48C21.49 512 0 490.5 0 464V192zM328.1 304.1C338.3 295.6 338.3 280.4 328.1 271C319.6 261.7 304.4 261.7 295 271L200 366.1L152.1 319C143.6 309.7 128.4 309.7 119 319C109.7 328.4 109.7 343.6 119 352.1L183 416.1C192.4 426.3 207.6 426.3 216.1 416.1L328.1 304.1z\"><\/path><\/svg><\/div><div class=\"uagb-timeline__day-new uagb-timeline__day-right uagb-timeline__events-inner-new\"><div class=\"uagb-timeline__events-inner--content\"><h3 class=\"uagb-timeline__heading\"><strong>2020<\/strong><\/h3><p class=\"uagb-timeline-desc-content\">Cursos on-line.<br>Avalia\u00e7\u00e3o Psicol\u00f3gica para o <strong>Centro Cl\u00ednico Ga\u00facho<\/strong>,<br>Avalia\u00e7\u00e3o Psicol\u00f3gica para a <strong>Guarda Portu\u00e1ria de Rio Grande<\/strong>,<br>Avalia\u00e7\u00e3o Psicol\u00f3gica para a <strong>FACE<\/strong><br>Avalia\u00e7\u00e3o Psicol\u00f3gica para o <strong>Hospital Brigada<\/strong>.<br>Expans\u00e3o atendimento sistema FIERGS para todo o Estado do RS.<\/p><div class=\"uagb-timeline__arrow\"><\/div><\/div><\/div><div class=\"uagb-timeline__date-new\"><\/div><\/article>\n\n\n\n<article class=\"wp-block-uagb-content-timeline-child uagb-timeline__field uagb-timeline-child-9b06b00e uagb-timeline__left\"><div class=\"uagb-timeline__marker out-view-uagb-timeline__icon\"><svg xmlns=\"https:\/\/www.w3.org\/2000\/svg\" viewBox=\"0 0 448 512\"><path d=\"M160 32V64H288V32C288 14.33 302.3 0 320 0C337.7 0 352 14.33 352 32V64H400C426.5 64 448 85.49 448 112V160H0V112C0 85.49 21.49 64 48 64H96V32C96 14.33 110.3 0 128 0C145.7 0 160 14.33 160 32zM0 192H448V464C448 490.5 426.5 512 400 512H48C21.49 512 0 490.5 0 464V192zM328.1 304.1C338.3 295.6 338.3 280.4 328.1 271C319.6 261.7 304.4 261.7 295 271L200 366.1L152.1 319C143.6 309.7 128.4 309.7 119 319C109.7 328.4 109.7 343.6 119 352.1L183 416.1C192.4 426.3 207.6 426.3 216.1 416.1L328.1 304.1z\"><\/path><\/svg><\/div><div class=\"uagb-timeline__day-new uagb-timeline__day-left uagb-timeline__events-inner-new\"><div class=\"uagb-timeline__events-inner--content\"><h3 class=\"uagb-timeline__heading\"><strong>2021<\/strong><\/h3><p class=\"uagb-timeline-desc-content\">Desenvolvimento de Equipe na <strong>FUNCORSAN<\/strong>.<br>Avalia\u00e7\u00e3o Psicol\u00f3gica para a <strong>Prefeitura de Nova Santa Rita<\/strong>,<br>Avalia\u00e7\u00e3o Psicol\u00f3gica para a<strong> Guarda Municipal de Cachoeirinha<\/strong>,<br>Avalia\u00e7\u00e3o Psicol\u00f3gica para o <strong>SEMA<\/strong><br>Avalia\u00e7\u00e3o Psicol\u00f3gica para o <strong>TRF4<\/strong><\/p><div class=\"uagb-timeline__arrow\"><\/div><\/div><\/div><div class=\"uagb-timeline__date-new\"><\/div><\/article>\n\n\n\n<article class=\"wp-block-uagb-content-timeline-child uagb-timeline__field uagb-timeline-child-d76c8d14 uagb-timeline__right\"><div class=\"uagb-timeline__marker out-view-uagb-timeline__icon\"><svg xmlns=\"https:\/\/www.w3.org\/2000\/svg\" viewBox=\"0 0 448 512\"><path d=\"M160 32V64H288V32C288 14.33 302.3 0 320 0C337.7 0 352 14.33 352 32V64H400C426.5 64 448 85.49 448 112V160H0V112C0 85.49 21.49 64 48 64H96V32C96 14.33 110.3 0 128 0C145.7 0 160 14.33 160 32zM0 192H448V464C448 490.5 426.5 512 400 512H48C21.49 512 0 490.5 0 464V192zM328.1 304.1C338.3 295.6 338.3 280.4 328.1 271C319.6 261.7 304.4 261.7 295 271L200 366.1L152.1 319C143.6 309.7 128.4 309.7 119 319C109.7 328.4 109.7 343.6 119 352.1L183 416.1C192.4 426.3 207.6 426.3 216.1 416.1L328.1 304.1z\"><\/path><\/svg><\/div><div class=\"uagb-timeline__day-new uagb-timeline__day-right uagb-timeline__events-inner-new\"><div class=\"uagb-timeline__events-inner--content\"><h3 class=\"uagb-timeline__heading\"><strong>2022<\/strong><\/h3><p class=\"uagb-timeline-desc-content\">Avalia\u00e7\u00e3o Psicol\u00f3gica para a Guarda <strong>Municipal de Alvorada<\/strong>.<br>Expans\u00e3o dos atendimentos psicol\u00f3gicos cl\u00ednicos com os conv\u00eanios do <strong>IPASEM, Pol\u00edcia Rodovi\u00e1ria Federal, CABERGS e TJRS<\/strong>.<\/p><div class=\"uagb-timeline__arrow\"><\/div><\/div><\/div><div class=\"uagb-timeline__date-new\"><\/div><\/article>\n\n\n\n<article class=\"wp-block-uagb-content-timeline-child uagb-timeline__field uagb-timeline-child-8625f32a uagb-timeline__left\"><div class=\"uagb-timeline__marker out-view-uagb-timeline__icon\"><svg xmlns=\"https:\/\/www.w3.org\/2000\/svg\" viewBox=\"0 0 448 512\"><path d=\"M160 32V64H288V32C288 14.33 302.3 0 320 0C337.7 0 352 14.33 352 32V64H400C426.5 64 448 85.49 448 112V160H0V112C0 85.49 21.49 64 48 64H96V32C96 14.33 110.3 0 128 0C145.7 0 160 14.33 160 32zM0 192H448V464C448 490.5 426.5 512 400 512H48C21.49 512 0 490.5 0 464V192zM328.1 304.1C338.3 295.6 338.3 280.4 328.1 271C319.6 261.7 304.4 261.7 295 271L200 366.1L152.1 319C143.6 309.7 128.4 309.7 119 319C109.7 328.4 109.7 343.6 119 352.1L183 416.1C192.4 426.3 207.6 426.3 216.1 416.1L328.1 304.1z\"><\/path><\/svg><\/div><div class=\"uagb-timeline__day-new uagb-timeline__day-left uagb-timeline__events-inner-new\"><div class=\"uagb-timeline__events-inner--content\"><h3 class=\"uagb-timeline__heading\"><strong>2023<\/strong><\/h3><p class=\"uagb-timeline-desc-content\">Realizamos o <strong>Desenvolvimento dos S\u00f3cios <\/strong>e o <strong>Plano de Cargos e Sal\u00e1rios<\/strong> para a Zardo Esquadrias, a <strong>Avalia\u00e7\u00e3o Psicol\u00f3gica do XVIII Concurso P\u00fablico para Juiz Federal do TRF4<\/strong> lan\u00e7amos o <strong>Programa Reconstruindo V\u00ednculos<\/strong>, iniciamos a parceria com o <strong>Banrisul<\/strong> para fazer as avalia\u00e7\u00f5es psicol\u00f3gicas dos processos seletivos internos. Nossa Respons\u00e1vel T\u00e9cnica foi convidada para ser colaboradora da <strong>Comiss\u00e3o de Avalia\u00e7\u00e3o Psicol\u00f3gica (CAP)\u00a0no\u00a0CRPRS<\/strong>.<\/p><div class=\"uagb-timeline__arrow\"><\/div><\/div><\/div><div class=\"uagb-timeline__date-new\"><\/div><\/article>\n<div class=\"uagb-timeline__line\"><div class=\"uagb-timeline__line__inner\"><\/div><\/div><\/div>\n\n\n\n<div id=\"depoimentos\" class=\"wp-block-uagb-container uagb-block-qs84iy43 alignfull uagb-is-root-container\"><div class=\"uagb-container-inner-blocks-wrap\">\n<div class=\"wp-block-uagb-info-box uagb-block-qdhpbgkh uagb-infobox__content-wrap  uagb-infobox-icon-above-title uagb-infobox-image-valign-top\"><div class=\"uagb-ifb-content\"><div class=\"uagb-ifb-title-wrap\"><h2 class=\"uagb-ifb-title\">Depoimentos<\/h2><\/div><p class=\"uagb-ifb-desc\">Confira o feedback de nossos clientes!<\/p><div class=\"uagb-ifb-separator\"><\/div><\/div><\/div>\n\n\n\n<div class=\"wp-block-uagb-container uagb-block-njzcjwhg alignfull uagb-is-root-container\"><div class=\"uagb-container-inner-blocks-wrap\">\n<div class=\"wp-block-uagb-container uagb-block-tk1gtw2i\">\n<div class=\"wp-block-uagb-info-box uagb-block-cx3n6vt2 uagb-infobox__content-wrap  uagb-infobox-icon-above-title uagb-infobox-image-valign-top wp-block-uagb-info-box--has-margin\"><div class=\"uagb-infobox-margin-wrapper\"><div class=\"uagb-ifb-content\"><div class=\"uagb-ifb-icon-wrap\"><svg xmlns=\"https:\/\/www.w3.org\/2000\/svg\" viewBox=\"0 0 448 512\"><path d=\"M96 224C84.72 224 74.05 226.3 64 229.9V224c0-35.3 28.7-64 64-64c17.67 0 32-14.33 32-32S145.7 96 128 96C57.42 96 0 153.4 0 224v96c0 53.02 42.98 96 96 96s96-42.98 96-96S149 224 96 224zM352 224c-11.28 0-21.95 2.305-32 5.879V224c0-35.3 28.7-64 64-64c17.67 0 32-14.33 32-32s-14.33-32-32-32c-70.58 0-128 57.42-128 128v96c0 53.02 42.98 96 96 96s96-42.98 96-96S405 224 352 224z\"><\/path><\/svg><\/div><div class=\"uagb-ifb-title-wrap\"><p class=\"uagb-ifb-title-prefix\"><mark style=\"background-color:rgba(0, 0, 0, 0);color:#777777\" class=\"has-inline-color\">Uma \u00f3tima empresa, objetiva, cumpridora de prazos, atendimento personalizado e servi\u00e7o de excel\u00eancia<\/mark><\/p><p class=\"uagb-ifb-title\">Marilene Martins<br><sub>Diretora da Gest\u00e3o de Qualidade na Prefeitura de Gramado<\/sub><\/p><\/div><\/div><\/div><\/div>\n<\/div>\n\n\n\n<div class=\"wp-block-uagb-container uagb-block-hfu7qegy\">\n<div class=\"wp-block-uagb-info-box uagb-block-4vaxuhmz uagb-infobox__content-wrap  uagb-infobox-icon-above-title uagb-infobox-image-valign-top wp-block-uagb-info-box--has-margin\"><div class=\"uagb-infobox-margin-wrapper\"><div class=\"uagb-ifb-content\"><div class=\"uagb-ifb-icon-wrap\"><svg xmlns=\"https:\/\/www.w3.org\/2000\/svg\" viewBox=\"0 0 448 512\"><path d=\"M96 224C84.72 224 74.05 226.3 64 229.9V224c0-35.3 28.7-64 64-64c17.67 0 32-14.33 32-32S145.7 96 128 96C57.42 96 0 153.4 0 224v96c0 53.02 42.98 96 96 96s96-42.98 96-96S149 224 96 224zM352 224c-11.28 0-21.95 2.305-32 5.879V224c0-35.3 28.7-64 64-64c17.67 0 32-14.33 32-32s-14.33-32-32-32c-70.58 0-128 57.42-128 128v96c0 53.02 42.98 96 96 96s96-42.98 96-96S405 224 352 224z\"><\/path><\/svg><\/div><div class=\"uagb-ifb-title-wrap\"><p class=\"uagb-ifb-title-prefix\"><mark style=\"background-color:rgba(0, 0, 0, 0);color:#777777\" class=\"has-inline-color\">A empresa demonstra saber que seu trabalho traz efeitos para a sociedade, agindo com compreens\u00e3o e responsabilidade com o servi\u00e7o p\u00fablico<\/mark><\/p><p class=\"uagb-ifb-title\">Dr. Luiz Carlos Teixeira Bohrer<br><sub>Psic\u00f3logo<\/sub><\/p><\/div><\/div><\/div><\/div>\n<\/div>\n\n\n\n<div class=\"wp-block-uagb-container uagb-block-kflvzwmt\">\n<div class=\"wp-block-uagb-info-box uagb-block-dicgv1ju uagb-infobox__content-wrap  uagb-infobox-icon-above-title uagb-infobox-image-valign-top wp-block-uagb-info-box--has-margin\"><div class=\"uagb-infobox-margin-wrapper\"><div class=\"uagb-ifb-content\"><div class=\"uagb-ifb-icon-wrap\"><svg xmlns=\"https:\/\/www.w3.org\/2000\/svg\" viewBox=\"0 0 448 512\"><path d=\"M96 224C84.72 224 74.05 226.3 64 229.9V224c0-35.3 28.7-64 64-64c17.67 0 32-14.33 32-32S145.7 96 128 96C57.42 96 0 153.4 0 224v96c0 53.02 42.98 96 96 96s96-42.98 96-96S149 224 96 224zM352 224c-11.28 0-21.95 2.305-32 5.879V224c0-35.3 28.7-64 64-64c17.67 0 32-14.33 32-32s-14.33-32-32-32c-70.58 0-128 57.42-128 128v96c0 53.02 42.98 96 96 96s96-42.98 96-96S405 224 352 224z\"><\/path><\/svg><\/div><div class=\"uagb-ifb-title-wrap\"><p class=\"uagb-ifb-title-prefix\"><mark style=\"background-color:rgba(0, 0, 0, 0);color:#777777\" class=\"has-inline-color\">Minha experi\u00eancia com a empresa foi muito boa, sempre fui bem atendida e a disposi\u00e7\u00e3o para nos atender em POA ou SL, ajustando para que d\u00ea certo com nossas agendas e os funcion\u00e1rios n\u00e3o se deslocarem muito. Fico agradecida pela aten\u00e7\u00e3o e carinho<\/mark><\/p><p class=\"uagb-ifb-title\">Lunalva<br><sub>Centro Cl\u00ednico Ga\u00facho<\/sub><\/p><\/div><\/div><\/div><\/div>\n<\/div>\n<\/div><\/div>\n<\/div><\/div>\n","protected":false},"excerpt":{"rendered":"","protected":false},"author":1,"featured_media":142,"parent":0,"menu_order":0,"comment_status":"closed","ping_status":"closed","template":"template-fullwidth.php","meta":{"_uag_custom_page_level_css":"","footnotes":""},"class_list":["post-942","page","type-page","status-publish","has-post-thumbnail","hentry"],"uagb_featured_image_src":{"full":["https:\/\/morettofogacaconsultoria.com.br\/wp-content\/uploads\/2022\/08\/Consultoria-Home-scaled.jpg",2560,1707,false],"thumbnail":["https:\/\/morettofogacaconsultoria.com.br\/wp-content\/uploads\/2022\/08\/Consultoria-Home-150x150.jpg",150,150,true],"medium":["https:\/\/morettofogacaconsultoria.com.br\/wp-content\/uploads\/2022\/08\/Consultoria-Home-300x200.jpg",300,200,true],"medium_large":["https:\/\/morettofogacaconsultoria.com.br\/wp-content\/uploads\/2022\/08\/Consultoria-Home-768x512.jpg",768,512,true],"large":["https:\/\/morettofogacaconsultoria.com.br\/wp-content\/uploads\/2022\/08\/Consultoria-Home-1024x683.jpg",800,534,true],"1536x1536":["https:\/\/morettofogacaconsultoria.com.br\/wp-content\/uploads\/2022\/08\/Consultoria-Home-1536x1024.jpg",1536,1024,true],"2048x2048":["https:\/\/morettofogacaconsultoria.com.br\/wp-content\/uploads\/2022\/08\/Consultoria-Home-2048x1365.jpg",2048,1365,true],"onepress-blog-small":["https:\/\/morettofogacaconsultoria.com.br\/wp-content\/uploads\/2022\/08\/Consultoria-Home-300x150.jpg",300,150,true],"onepress-small":["https:\/\/morettofogacaconsultoria.com.br\/wp-content\/uploads\/2022\/08\/Consultoria-Home-480x300.jpg",480,300,true],"onepress-medium":["https:\/\/morettofogacaconsultoria.com.br\/wp-content\/uploads\/2022\/08\/Consultoria-Home-640x400.jpg",640,400,true]},"uagb_author_info":{"display_name":"morettofogacaconsultoria","author_link":"https:\/\/morettofogacaconsultoria.com.br\/index.php\/author\/morettofogacaconsultoria\/"},"uagb_comment_info":0,"uagb_excerpt":null,"_links":{"self":[{"href":"https:\/\/morettofogacaconsultoria.com.br\/index.php\/wp-json\/wp\/v2\/pages\/942","targetHints":{"allow":["GET"]}}],"collection":[{"href":"https:\/\/morettofogacaconsultoria.com.br\/index.php\/wp-json\/wp\/v2\/pages"}],"about":[{"href":"https:\/\/morettofogacaconsultoria.com.br\/index.php\/wp-json\/wp\/v2\/types\/page"}],"author":[{"embeddable":true,"href":"https:\/\/morettofogacaconsultoria.com.br\/index.php\/wp-json\/wp\/v2\/users\/1"}],"replies":[{"embeddable":true,"href":"https:\/\/morettofogacaconsultoria.com.br\/index.php\/wp-json\/wp\/v2\/comments?post=942"}],"version-history":[{"count":23,"href":"https:\/\/morettofogacaconsultoria.com.br\/index.php\/wp-json\/wp\/v2\/pages\/942\/revisions"}],"predecessor-version":[{"id":1138,"href":"https:\/\/morettofogacaconsultoria.com.br\/index.php\/wp-json\/wp\/v2\/pages\/942\/revisions\/1138"}],"wp:featuredmedia":[{"embeddable":true,"href":"https:\/\/morettofogacaconsultoria.com.br\/index.php\/wp-json\/wp\/v2\/media\/142"}],"wp:attachment":[{"href":"https:\/\/morettofogacaconsultoria.com.br\/index.php\/wp-json\/wp\/v2\/media?parent=942"}],"curies":[{"name":"wp","href":"https:\/\/api.w.org\/{rel}","templated":true}]}}